{"id":18937,"date":"2018-02-20T17:17:51","date_gmt":"2018-02-20T17:17:51","guid":{"rendered":"https:\/\/lab-ncs.com\/libros-y-articulos\/"},"modified":"2018-03-07T09:36:17","modified_gmt":"2018-03-07T09:36:17","slug":"libros-y-articulos","status":"publish","type":"page","link":"https:\/\/lab-ncs.com\/es\/libros-y-articulos\/","title":{"rendered":"Libros y Articulos"},"content":{"rendered":"<p>[vc_row][vc_column][vc_column_text]<header class=\"icon-heading\"><span class=\"section-header-icon icon icon-book\"><\/span><h2>LIBROS Y ARTICULOS<span><\/span><\/h2><\/header><\/p>\n<div class=\"col-to-row grid-1of4\" style=\"flex-wrap: nowrap;\">\n<div class=\"item item-gutter\">\n<p><img loading=\"lazy\" class=\"aligncenter wp-image-9570\" src=\"https:\/\/lab-ncs.com\/wp-content\/uploads\/2016\/10\/ncs-copertina-ti-leggo-in-volto.jpg\" alt=\"Copertina del libro &quot;Ti leggo in volto&quot;.\" width=\"300\" height=\"429\" srcset=\"https:\/\/lab-ncs.com\/wp-content\/uploads\/2016\/10\/ncs-copertina-ti-leggo-in-volto.jpg 403w, https:\/\/lab-ncs.com\/wp-content\/uploads\/2016\/10\/ncs-copertina-ti-leggo-in-volto-210x300.jpg 210w, https:\/\/lab-ncs.com\/wp-content\/uploads\/2016\/10\/ncs-copertina-ti-leggo-in-volto-768x1099.jpg 768w, https:\/\/lab-ncs.com\/wp-content\/uploads\/2016\/10\/ncs-copertina-ti-leggo-in-volto-716x1024.jpg 716w, https:\/\/lab-ncs.com\/wp-content\/uploads\/2016\/10\/ncs-copertina-ti-leggo-in-volto-1200x1717.jpg 1200w\" sizes=\"(max-width: 300px) 85vw, 300px\" \/><\/p>\n<\/div>\n<div>\n<h3>Ti leggo in volto<\/h3>\n<p>Jasna Legi\u0161a (2015). <strong>Ti leggo in volto,<\/strong> Armando Editore.<\/p>\n<p>Es el manual dela lengua italiana, que describe las t\u00e9cnicas de an\u00e1lisis cient\u00edficos de las expresiones faciales.<\/p>\n<p>\u00bfQu\u00e9 estamos comunicando cuando arricciamo la nariz? \u00bfPor qu\u00e9 fruncimos el ce\u00f1o.? Un manual que es f\u00e1cil leer, muy agradable para aquellos que quieran profundizar los conocimientos cient\u00edficos sobre las expresiones faciales vinculadas a las emociones, que son comunes a todos los seres humanos. Una pr\u00e1ctica que se remonta a la segunda mitad del siglo XIX, lleno de diferentes teor\u00edas y m\u00e9todos que en los \u00faltimos a\u00f1os han sido desarrollados por una serie de estudiosos e investigadores. El libro se acompa\u00f1a con una serie de fotograf\u00edas de apoyo para la comprensi\u00f3n de la expresi\u00f3n facial a descodificar de vez en cuando.<\/p>\n<p><strong> Jasna Legisa<\/strong> &#8211; director del Laboratorio de An\u00e1lisis Comportamental NeuroComScience &#8211; introduce en Italia algunas aplicaciones de an\u00e1lisis cient\u00edfico de <strong>las t\u00e9cnicas no verbales<\/strong>, incluyendo la inserci\u00f3n de ellos en la <strong>investigaci\u00f3n<\/strong> y <strong>selecci\u00f3n de personal<\/strong>. Se puede comprar el libro en l\u00ednea, o en todas las bibliotecas que tienen Armando Editore, en Amazon, y en nuestro laboratorio.<\/p>\n<\/div>\n<\/div>\n<h3>Analisi delle espressioni emozionali del volto<\/h3>\n<p>Jasna Legisa y Jessica Vascotto (2015). En\u00a0<strong>Osvaldo Sponzilli, Semeiotica medica comparata,<\/strong> Nuova Ipsa Editore. Un texto sobre la lectura de las expresiones faciales y de las emociones b\u00e1sicas insertado en el Manual de semi\u00f3tica m\u00e9dica omparativa para ilustrar el reconocimiento no verbal de miedo, alegr\u00eda, ira, asco, sorpresa, tristeza.<\/p>\n<h3>Emotional responses to odors in children with high-functioning autism: autonomic arousal, facial behavior and self report measures<\/h3>\n<p>Jasna Legi\u0161a, Luc Marlier, Enzo Kermol &amp; Daniel Messinger (2012). Emotional responses to odors in children with high-functioning autism: autonomic arousal, facial behavior and self report measures, Journal of Autism and Developmental Disorders.<br \/>\nUna investigaci\u00f3n publicada en la principal revista cient\u00edfica internacional de <strong>autismo<\/strong>. El objetivo del estudio es proporcionar una mayor comprensi\u00f3n de la comunicaci\u00f3n no verbal en el autismo. Se compararon respuestas fisiol\u00f3gicas y de comportamiento de los ni\u00f1os con autismo y las de los ni\u00f1os sin trastornos del desarrollo en respuesta a diversos tipos de olores. Los resultados muestran que las respuestas fisiol\u00f3gicas (cambios en el ritmo card\u00edaco, la respiraci\u00f3n, la conductancia de mano) y las respuestas de comportamiento facial coinciden entre los dos grupos. En cambio, hay una diferencia en percepci\u00f3n subjetiva explicitada en las respuestas verbales.<\/p>\n<h3><strong>Differential facial expressions to hedonically contrasted odors in premature newborns<\/strong><\/h3>\n<p>Luc Marlier, Christophe Gaugler, Jasna Leghissa, Thierry Pebayle National Center of Scientific Research, and University of Strasbourg, France.<\/p>\n<p>La comunicaci\u00f3n no verbal en los ni\u00f1os <strong>prematuros<\/strong> entre 22 y 26 semanas de gestaci\u00f3n ha sido poco estudiada. Junto con el Centro de Investigaci\u00f3n Nacional de Estrasburgo se han realizados experimentos que analizan las expresiones faciales durante varios tipos de est\u00edmulos olfativos. <strong>Las mismas contracciones<\/strong> en la cara del asco y dolor se han observado tanto en un ni\u00f1o y como en un adulto. Tambi\u00e9n se observan las sonrisas, pero parecen menos sistem\u00e1ticas como respuestas a los est\u00edmulos.<\/p>\n<h3>Variation, indicating that the patterns of facial responses are not stereotyped at this eary age<\/h3>\n<p>Luc Marlier, Christophe Gaugler, Jasna Leghissa, Thierry Pebayle National Center of Scientific Research, and University of Strasbourg, France.<\/p>\n<p>Otras investigaciones sobre la comunicaci\u00f3n no verbal en prematuros. Utilizando al m\u00e9todo de Juicio, se muestran a los observadores adultos algunos v\u00eddeos de las respuestas faciales al mal olor y se les pidi\u00f3 que identificaran la valencia de los est\u00edmulos desencadenantes. Los resultados muestran que los adultos <strong>identificaron diferencias<\/strong> en el tono hed\u00f3nico de respuestas faciales de los prematuros en funci\u00f3n de los est\u00edmulos de valencia. Tomados en conjunto, estos resultados indican que la <strong>capacidad de respuesta facial del reci\u00e9n nacido<\/strong> que lleva las se\u00f1ales sociales es suficientemente clara para informar a los adultos sobre el tono hed\u00f3nico de olores inhalados, lo que demuestra la funci\u00f3n emocional y comunicativa de la conducta humana facial desde las primeras etapas de desarrollo.<\/p>\n<h3>Verifica della percezione emotiva di stimoli audiovisivi attraverso il Facial Action Coding System e le misurazioni fisiologiche<\/h3>\n<p>Jasna Leghissa &amp; Enzo Kermol (2009). Verifica della percezione emotiva attraverso l\u2019applicazione del Facial Action Coding System e di misurazioni fisiologiche in risposta a stimoli audiovisivi. Metis, 16, 1, 135 \u2013 151.<\/p>\n<p>Esta investigaci\u00f3n tiene como objetivo principal <strong>el an\u00e1lisis de las expresiones faciales<\/strong>, de las reacciones fisiol\u00f3gicas y la evaluaci\u00f3n subjetiva de la emoci\u00f3n en respuesta a est\u00edmulos audiovisuales con alto contenido emocional. 11 hombres y 10 mujeres de edades entre los 22 y 32 a\u00f1os han sido testigos de forma individual a la visi\u00f3n de tres escenas f\u00edlmicas, sentado c\u00f3modamente en un sill\u00f3n colocado alrededor de un metro y medio fuera de la pantalla.<\/p>\n<p>En sala insonorizada, dividida por la mitad por una cabina, se coloc\u00f3 una c\u00e1mara de video al lado de la pantalla, que filmaba la cara del sujeto y se monitoraba la frecuencia card\u00edaca y la resistencia el\u00e9ctrica cut\u00e1nea a trav\u00e9s de electrodos colocados en el equipo situado detr\u00e1s de la cabina. El an\u00e1lisis de las expresiones faciales, se calcul\u00f3 utilizando el m\u00e9todo de <strong>Facial Action Coding System<\/strong>, teniendo en cuenta toda la Unidad de Actuaci\u00f3n (UA), su duraci\u00f3n e intensidad.<\/p>\n<p>Los resultados del experimento mostraron que algunas unidades de acci\u00f3n en los rostros de los sujetos, aparecieron como respuestas fisiol\u00f3gicas y las respuestas de la evaluaci\u00f3n subjetiva caracterizan a cada una de las tres escenas, lo que lleva a suponer la existencia de un <strong>intercambio de emociones<\/strong>. Hubo diferencias significativas entre hombres y mujeres en relaci\u00f3n con los movimientos faciales y respuestas fisiol\u00f3gicas.<\/p>\n<h3>La percezione e l&#8217;espressione emozionale nei disturbi dello spettro autistico<\/h3>\n<p>Argomento: <strong>comunicazione non verbale nell&#8217;autismo<\/strong><\/p>\n<p>Jasna Legi\u0161a<\/p>\n<p><span style=\"font-size: 1.8rem;\">El prop\u00f3sito del estudio fue definir la naturaleza de la percepci\u00f3n y la expresi\u00f3n emocional que se analizan en dos estudios de las reacciones fisiol\u00f3gicas, conductuales y verbales en diversos tipos de est\u00edmulos sensoriales. Hubo dos estudios en los que se utilizaron est\u00edmulos visuales.<br \/>\nEl an\u00e1lisis muestra que los ni\u00f1os aut\u00edsticos. <strong>prestan m\u00e1s atenci\u00f3n<\/strong> a las im\u00e1genes acompa\u00f1adas por el sonido de control. A continuaci\u00f3n, indica que estas diferencias podr\u00edan ser una consecuencia de las dificultades de las personas con trastornos de autismo para integrar un proceso de informaci\u00f3n visual y auditiva. Tambi\u00e9n se observa que las <strong>expresiones emocionales de la cara de los ni\u00f1os que sufren de autismo<\/strong> pueden ser menos claras debido a una menor frecuencia de los movimientos musculares, una menor intensidad y una duraci\u00f3n de ellos en ciertas regiones de la cara. Adem\u00e1s, existe una mayor frecuencia de las diferencias individuales de la conducta facial, como un espasmo hemifacial, y asimetr\u00eda del comportamiento facial.[\/vc_column_text][\/vc_column][\/vc_row]<\/span><\/p>\n","protected":false},"excerpt":{"rendered":"<p>[vc_row][vc_column][vc_column_text] Ti leggo in volto Jasna Legi\u0161a (2015). Ti leggo in volto, Armando Editore. Es el manual dela lengua italiana, que describe las t\u00e9cnicas de an\u00e1lisis cient\u00edficos de las expresiones faciales. \u00bfQu\u00e9 estamos comunicando cuando arricciamo la nariz? \u00bfPor qu\u00e9 fruncimos el ce\u00f1o.? Un manual que es f\u00e1cil leer, muy agradable para aquellos que quieran &hellip; <a href=\"https:\/\/lab-ncs.com\/es\/libros-y-articulos\/\" class=\"more-link\">Continue reading<span class=\"screen-reader-text\"> &#8220;Libros y Articulos&#8221;<\/span><\/a><\/p>\n","protected":false},"author":1,"featured_media":0,"parent":0,"menu_order":0,"comment_status":"closed","ping_status":"closed","template":"page-templates\/page-right-sidebar.php","meta":{"om_disable_all_campaigns":false},"aioseo_notices":[],"yoast_head":"<!-- This site is optimized with the Yoast SEO plugin v18.6 - https:\/\/yoast.com\/wordpress\/plugins\/seo\/ -->\n<title>Libros y Articulos - NeuroComScience, Laboratorio di analisi comportamentale - Comunicazione non verbale.<\/title>\n<meta name=\"robots\" content=\"index, follow, max-snippet:-1, max-image-preview:large, max-video-preview:-1\" \/>\n<link rel=\"canonical\" href=\"https:\/\/lab-ncs.com\/es\/libros-y-articulos\/\" \/>\n<meta property=\"og:locale\" content=\"es_ES\" \/>\n<meta property=\"og:type\" content=\"article\" \/>\n<meta property=\"og:title\" content=\"Libros y Articulos - NeuroComScience, Laboratorio di analisi comportamentale - Comunicazione non verbale.\" \/>\n<meta property=\"og:description\" content=\"[vc_row][vc_column][vc_column_text] Ti leggo in volto Jasna Legi\u0161a (2015). Ti leggo in volto, Armando Editore. Es el manual dela lengua italiana, que describe las t\u00e9cnicas de an\u00e1lisis cient\u00edficos de las expresiones faciales. \u00bfQu\u00e9 estamos comunicando cuando arricciamo la nariz? \u00bfPor qu\u00e9 fruncimos el ce\u00f1o.? Un manual que es f\u00e1cil leer, muy agradable para aquellos que quieran &hellip; Continue reading &quot;Libros y Articulos&quot;\" \/>\n<meta property=\"og:url\" content=\"https:\/\/lab-ncs.com\/es\/libros-y-articulos\/\" \/>\n<meta property=\"og:site_name\" content=\"NeuroComScience, Laboratorio di analisi comportamentale - Comunicazione non verbale.\" \/>\n<meta property=\"article:modified_time\" content=\"2018-03-07T09:36:17+00:00\" \/>\n<meta property=\"og:image\" content=\"https:\/\/lab-ncs.com\/wp-content\/uploads\/2016\/10\/ncs-copertina-ti-leggo-in-volto.jpg\" \/>\n<meta name=\"twitter:label1\" content=\"Tiempo de lectura\" \/>\n\t<meta name=\"twitter:data1\" content=\"6 minutos\" \/>\n<script type=\"application\/ld+json\" class=\"yoast-schema-graph\">{\"@context\":\"https:\/\/schema.org\",\"@graph\":[{\"@type\":\"WebSite\",\"@id\":\"https:\/\/lab-ncs.com\/#website\",\"url\":\"https:\/\/lab-ncs.com\/\",\"name\":\"NeuroComScience, Laboratorio di analisi comportamentale - Comunicazione non verbale.\",\"description\":\"Analisi delle espressioni facciali\",\"potentialAction\":[{\"@type\":\"SearchAction\",\"target\":{\"@type\":\"EntryPoint\",\"urlTemplate\":\"https:\/\/lab-ncs.com\/?s={search_term_string}\"},\"query-input\":\"required name=search_term_string\"}],\"inLanguage\":\"es\"},{\"@type\":\"ImageObject\",\"@id\":\"https:\/\/lab-ncs.com\/es\/libros-y-articulos\/#primaryimage\",\"inLanguage\":\"es\",\"url\":\"https:\/\/lab-ncs.com\/wp-content\/uploads\/2016\/10\/ncs-copertina-ti-leggo-in-volto.jpg\",\"contentUrl\":\"https:\/\/lab-ncs.com\/wp-content\/uploads\/2016\/10\/ncs-copertina-ti-leggo-in-volto.jpg\",\"width\":403,\"height\":576,\"caption\":\"Tecniche e metodi di analisi scientifica delle espressioni facciali.\"},{\"@type\":\"WebPage\",\"@id\":\"https:\/\/lab-ncs.com\/es\/libros-y-articulos\/#webpage\",\"url\":\"https:\/\/lab-ncs.com\/es\/libros-y-articulos\/\",\"name\":\"Libros y Articulos - NeuroComScience, Laboratorio di analisi comportamentale - Comunicazione non verbale.\",\"isPartOf\":{\"@id\":\"https:\/\/lab-ncs.com\/#website\"},\"primaryImageOfPage\":{\"@id\":\"https:\/\/lab-ncs.com\/es\/libros-y-articulos\/#primaryimage\"},\"datePublished\":\"2018-02-20T17:17:51+00:00\",\"dateModified\":\"2018-03-07T09:36:17+00:00\",\"breadcrumb\":{\"@id\":\"https:\/\/lab-ncs.com\/es\/libros-y-articulos\/#breadcrumb\"},\"inLanguage\":\"es\",\"potentialAction\":[{\"@type\":\"ReadAction\",\"target\":[\"https:\/\/lab-ncs.com\/es\/libros-y-articulos\/\"]}]},{\"@type\":\"BreadcrumbList\",\"@id\":\"https:\/\/lab-ncs.com\/es\/libros-y-articulos\/#breadcrumb\",\"itemListElement\":[{\"@type\":\"ListItem\",\"position\":1,\"name\":\"Home\",\"item\":\"https:\/\/lab-ncs.com\/es\/\"},{\"@type\":\"ListItem\",\"position\":2,\"name\":\"Libros y Articulos\"}]}]}<\/script>\n<!-- \/ Yoast SEO plugin. -->","yoast_head_json":{"title":"Libros y Articulos - NeuroComScience, Laboratorio di analisi comportamentale - Comunicazione non verbale.","robots":{"index":"index","follow":"follow","max-snippet":"max-snippet:-1","max-image-preview":"max-image-preview:large","max-video-preview":"max-video-preview:-1"},"canonical":"https:\/\/lab-ncs.com\/es\/libros-y-articulos\/","og_locale":"es_ES","og_type":"article","og_title":"Libros y Articulos - NeuroComScience, Laboratorio di analisi comportamentale - Comunicazione non verbale.","og_description":"[vc_row][vc_column][vc_column_text] Ti leggo in volto Jasna Legi\u0161a (2015). Ti leggo in volto, Armando Editore. Es el manual dela lengua italiana, que describe las t\u00e9cnicas de an\u00e1lisis cient\u00edficos de las expresiones faciales. \u00bfQu\u00e9 estamos comunicando cuando arricciamo la nariz? \u00bfPor qu\u00e9 fruncimos el ce\u00f1o.? Un manual que es f\u00e1cil leer, muy agradable para aquellos que quieran &hellip; Continue reading \"Libros y Articulos\"","og_url":"https:\/\/lab-ncs.com\/es\/libros-y-articulos\/","og_site_name":"NeuroComScience, Laboratorio di analisi comportamentale - Comunicazione non verbale.","article_modified_time":"2018-03-07T09:36:17+00:00","og_image":[{"url":"https:\/\/lab-ncs.com\/wp-content\/uploads\/2016\/10\/ncs-copertina-ti-leggo-in-volto.jpg"}],"twitter_misc":{"Tiempo de lectura":"6 minutos"},"schema":{"@context":"https:\/\/schema.org","@graph":[{"@type":"WebSite","@id":"https:\/\/lab-ncs.com\/#website","url":"https:\/\/lab-ncs.com\/","name":"NeuroComScience, Laboratorio di analisi comportamentale - Comunicazione non verbale.","description":"Analisi delle espressioni facciali","potentialAction":[{"@type":"SearchAction","target":{"@type":"EntryPoint","urlTemplate":"https:\/\/lab-ncs.com\/?s={search_term_string}"},"query-input":"required name=search_term_string"}],"inLanguage":"es"},{"@type":"ImageObject","@id":"https:\/\/lab-ncs.com\/es\/libros-y-articulos\/#primaryimage","inLanguage":"es","url":"https:\/\/lab-ncs.com\/wp-content\/uploads\/2016\/10\/ncs-copertina-ti-leggo-in-volto.jpg","contentUrl":"https:\/\/lab-ncs.com\/wp-content\/uploads\/2016\/10\/ncs-copertina-ti-leggo-in-volto.jpg","width":403,"height":576,"caption":"Tecniche e metodi di analisi scientifica delle espressioni facciali."},{"@type":"WebPage","@id":"https:\/\/lab-ncs.com\/es\/libros-y-articulos\/#webpage","url":"https:\/\/lab-ncs.com\/es\/libros-y-articulos\/","name":"Libros y Articulos - NeuroComScience, Laboratorio di analisi comportamentale - Comunicazione non verbale.","isPartOf":{"@id":"https:\/\/lab-ncs.com\/#website"},"primaryImageOfPage":{"@id":"https:\/\/lab-ncs.com\/es\/libros-y-articulos\/#primaryimage"},"datePublished":"2018-02-20T17:17:51+00:00","dateModified":"2018-03-07T09:36:17+00:00","breadcrumb":{"@id":"https:\/\/lab-ncs.com\/es\/libros-y-articulos\/#breadcrumb"},"inLanguage":"es","potentialAction":[{"@type":"ReadAction","target":["https:\/\/lab-ncs.com\/es\/libros-y-articulos\/"]}]},{"@type":"BreadcrumbList","@id":"https:\/\/lab-ncs.com\/es\/libros-y-articulos\/#breadcrumb","itemListElement":[{"@type":"ListItem","position":1,"name":"Home","item":"https:\/\/lab-ncs.com\/es\/"},{"@type":"ListItem","position":2,"name":"Libros y Articulos"}]}]}},"_links":{"self":[{"href":"https:\/\/lab-ncs.com\/es\/wp-json\/wp\/v2\/pages\/18937"}],"collection":[{"href":"https:\/\/lab-ncs.com\/es\/wp-json\/wp\/v2\/pages"}],"about":[{"href":"https:\/\/lab-ncs.com\/es\/wp-json\/wp\/v2\/types\/page"}],"author":[{"embeddable":true,"href":"https:\/\/lab-ncs.com\/es\/wp-json\/wp\/v2\/users\/1"}],"replies":[{"embeddable":true,"href":"https:\/\/lab-ncs.com\/es\/wp-json\/wp\/v2\/comments?post=18937"}],"version-history":[{"count":3,"href":"https:\/\/lab-ncs.com\/es\/wp-json\/wp\/v2\/pages\/18937\/revisions"}],"predecessor-version":[{"id":19535,"href":"https:\/\/lab-ncs.com\/es\/wp-json\/wp\/v2\/pages\/18937\/revisions\/19535"}],"wp:attachment":[{"href":"https:\/\/lab-ncs.com\/es\/wp-json\/wp\/v2\/media?parent=18937"}],"curies":[{"name":"wp","href":"https:\/\/api.w.org\/{rel}","templated":true}]}}